{"id":2495,"date":"2025-02-13T14:13:43","date_gmt":"2025-02-13T14:13:43","guid":{"rendered":"https:\/\/agendaurbanacastello.es\/?page_id=2495"},"modified":"2025-03-06T11:12:37","modified_gmt":"2025-03-06T11:12:37","slug":"gobernanza-y-participacion-activa","status":"publish","type":"page","link":"https:\/\/agendaurbanacastello.es\/va\/innovacion-urbana\/gobernanza-y-participacion-activa\/","title":{"rendered":"Gobernanza y participaci\u00f3n activa"},"content":{"rendered":"<div class=\"vc_row wpb_row vc_row-fluid\"><div class=\"wpb_column vc_column_container vc_col-sm-12\"><div class=\"vc_column-inner\"><div class=\"wpb_wrapper\">\n\t<div class=\"wpb_text_column wpb_content_element\" >\n\t\t<div class=\"wpb_wrapper\">\n\t\t\t<p>El impulso de la participaci\u00f3n y la colaboraci\u00f3n de la ciudadan\u00eda en el dise\u00f1o y ejecuci\u00f3n de las pol\u00edticas p\u00fablicas es uno de los ejes fundamentales del modelo de gobernanza del Ayuntamiento de Castell\u00f3n.<\/p>\n<p>&nbsp;<\/p>\n<p>El proceso de definici\u00f3n, elaboraci\u00f3n y puesta en marcha del plan de acci\u00f3n de la Agenda Urbana de Castell\u00f3n cont\u00f3 con un proceso participativo abierto a los principales agentes sociales, econ\u00f3micos y acad\u00e9micos, y fue tambi\u00e9n validado por el Consejo Social de la Ciudad, como principal \u00f3rgano consultivo del gobierno de Castell\u00f3n.<\/p>\n<p>&nbsp;<\/p>\n<p>Este compromiso por la gobernanza y participaci\u00f3n activa se plasma en el propio plan de acci\u00f3n de la Agenda Urbana de Castell\u00f3n, que incluye un proyecto estrat\u00e9gico denominado \u201c<a href=\"https:\/\/agendaurbanacastello.es\/va\/ficha\/cultura-formacion-y-participacion-ciudadana\/\">Cultura, formaci\u00f3n, y participaci\u00f3n ciudadana<\/a>\u201d con el fin de informar, sensibilizar y capacitar a la ciudadan\u00eda y personal t\u00e9cnico del Ayuntamiento en conceptos clave en materia urbana para que comprendan el funcionamiento de su ciudad y hacerles part\u00edcipes en la ejecuci\u00f3n del plan.<\/p>\n<p>&nbsp;<\/p>\n<p>La participaci\u00f3n implica rodearse de la innovaci\u00f3n, las tecnolog\u00edas m\u00e1s disruptivas, la investigaci\u00f3n acad\u00e9mica y el esp\u00edritu emprendedor para incluir nuevas tendencias de desarrollo urbano en el d\u00eda a d\u00eda de las ciudades, as\u00ed como un nuevas formas de crear espacios y ofrecer servicios que den respuestas reales a los retos identificados por la ciudadan\u00eda.<\/p>\n<p>&nbsp;<\/p>\n<p>En esta l\u00ednea, la Agenda Urbana de Castell\u00f3n ha sido protagonista en varios proyectos como por ejemplo varias ediciones de Hackathon Castellon o los premios de la Universitat Jaume I al talento emprendedor.<\/p>\n<p>&nbsp;<\/p>\n<h2><span style=\"color: #008000;\">1. Hackathon Castell\u00f3n<\/span><\/h2>\n<p><a href=\"https:\/\/agendaurbanacastello.es\/wp-content\/uploads\/2025\/03\/Hackathon_Castellon_2024_Grupos_Ganadores.jpg\"><img loading=\"lazy\" class=\"alignleft wp-image-2653\" src=\"https:\/\/agendaurbanacastello.es\/wp-content\/uploads\/2025\/03\/Hackathon_Castellon_2024_Grupos_Ganadores-300x225.jpg\" alt=\"\" width=\"384\" height=\"288\" srcset=\"https:\/\/agendaurbanacastello.es\/wp-content\/uploads\/2025\/03\/Hackathon_Castellon_2024_Grupos_Ganadores-300x225.jpg 300w, https:\/\/agendaurbanacastello.es\/wp-content\/uploads\/2025\/03\/Hackathon_Castellon_2024_Grupos_Ganadores-16x12.jpg 16w, https:\/\/agendaurbanacastello.es\/wp-content\/uploads\/2025\/03\/Hackathon_Castellon_2024_Grupos_Ganadores.jpg 640w\" sizes=\"(max-width: 384px) 100vw, 384px\" \/><\/a>Con el fin de seguir apostando por la transformaci\u00f3n digital de la administraci\u00f3n, el Ayuntamiento colabora con la <a href=\"https:\/\/xarxatec.com\/\">Asociaci\u00f3n de Empresas Tecnol\u00f3gicas de Castell\u00f3n (<\/a><a href=\"https:\/\/xarxatec.com\/\">Xarxatec<\/a><a href=\"https:\/\/xarxatec.com\/\">)<\/a> en el desarrollo de este encuentro de programadores donde los retos de la Agenda Urbana de Castell\u00f3n son protagonistas. Una forma de participaci\u00f3n activa e innovadora centrada en dar soluciones concretas a retos previamente identificados por la ciudadan\u00eda.<\/p>\n<p>&nbsp;<\/p>\n<p>Colaborar con <a href=\"https:\/\/hackathoncastellon.es\/\">Hackathon <\/a><a href=\"https:\/\/hackathoncastellon.es\/\">Castell\u00f3n<\/a> ha contribuido a identificar soluciones digitales para Castell\u00f3n, a trav\u00e9s de ideas innovadoras susceptibles de mejorar muchos de los proyectos del plan de acci\u00f3n local. En concreto, la colaboraci\u00f3n ha impactado directamente en proyectos estrat\u00e9gicos como el denominado <em>Talento, Emprendimiento, Industria y Comercio, <\/em>pues se trata de un evento catalizador para el desarrollo del talento cualificado en Castell\u00f3n, adem\u00e1s de referencia provincial como punto de encuentro para compartir conocimientos y experiencias entre profesionales y entusiastas de la tecnolog\u00eda.<\/p>\n<p>&nbsp;<\/p>\n<p>Cabe destacar el papel de esta colaboraci\u00f3n para dar a conocer la Agenda Urbana de Castell\u00f3n entre la ciudadan\u00eda, con especial atenci\u00f3n al alumnado de ciclos formativos superiores, colegios de primaria y secundaria, e investigadores y estudiantado universitario. Una apuesta del Ayuntamiento por acercar el plan de acci\u00f3n al futuro de la ciudad, para aumentar el alcance de la Agenda Urbana de Castell\u00f3n m\u00e1s all\u00e1 de 2030.<\/p>\n<p>&nbsp;<\/p>\n<h2><span style=\"color: #008000;\">2. Premios Universitat Jaume I al talento emprendedor<\/span><\/h2>\n<p><a href=\"https:\/\/agendaurbanacastello.es\/wp-content\/uploads\/2025\/03\/CartelPremiosTalentoEmprendedor_22_cas1-scaled.jpg\"><img loading=\"lazy\" class=\"alignleft wp-image-2658 size-medium\" src=\"https:\/\/agendaurbanacastello.es\/wp-content\/uploads\/2025\/03\/CartelPremiosTalentoEmprendedor_22_cas1-203x300.jpg\" alt=\"\" width=\"203\" height=\"300\" srcset=\"https:\/\/agendaurbanacastello.es\/wp-content\/uploads\/2025\/03\/CartelPremiosTalentoEmprendedor_22_cas1-203x300.jpg 203w, https:\/\/agendaurbanacastello.es\/wp-content\/uploads\/2025\/03\/CartelPremiosTalentoEmprendedor_22_cas1-694x1024.jpg 694w, https:\/\/agendaurbanacastello.es\/wp-content\/uploads\/2025\/03\/CartelPremiosTalentoEmprendedor_22_cas1-768x1133.jpg 768w, https:\/\/agendaurbanacastello.es\/wp-content\/uploads\/2025\/03\/CartelPremiosTalentoEmprendedor_22_cas1-1041x1536.jpg 1041w, https:\/\/agendaurbanacastello.es\/wp-content\/uploads\/2025\/03\/CartelPremiosTalentoEmprendedor_22_cas1-1388x2048.jpg 1388w, https:\/\/agendaurbanacastello.es\/wp-content\/uploads\/2025\/03\/CartelPremiosTalentoEmprendedor_22_cas1-8x12.jpg 8w, https:\/\/agendaurbanacastello.es\/wp-content\/uploads\/2025\/03\/CartelPremiosTalentoEmprendedor_22_cas1-scaled.jpg 1735w\" sizes=\"(max-width: 203px) 100vw, 203px\" \/><\/a>En el marco de la convocatoria para la elaboraci\u00f3n de proyectos piloto de planes de acci\u00f3n local de la Agenda Urbana Espa\u00f1ola, el\u00a0 Ayuntamiento de Castell\u00f3n y la <a href=\"https:\/\/www.uji.es\/\">U<\/a><a href=\"https:\/\/www.uji.es\/\">niveristat Jaume I<\/a> crearon en 2022 los <a href=\"https:\/\/www.uji.es\/serveis\/increa\/base\/actividadesV2\/premis\/premisemprenedors\/\">Premios al Talento Emprendedor del Estudiantado UJI.<\/a><\/p>\n<p>&nbsp;<\/p>\n<p>Unos premios ligados al plan de acci\u00f3n de la Agenda Urbana de Catell\u00f3n que promueven\u00a0 la innovaci\u00f3n, la creatividad y el emprendimiento en el \u00e1mbito universitario, adem\u00e1s de resolver de forma innovadora y participativa algunos de los principales retos de la ciudad.<\/p>\n<p>&nbsp;<\/p>\n<p>Por ahora se han celebrado tres ediciones en las que se establecen tres categor\u00edas de premios: aceleraci\u00f3n empresarial UJI-Ayuntamiento de Castell\u00f3n; talento estudiantil con vocaci\u00f3n emprendedora, e ideas disruptivas vinculadas a los retos de futuro en \u00e1mbitos estrat\u00e9gicos para la ciudad.<\/p>\n<p>&nbsp;<\/p>\n<p>&nbsp;<\/p>\n<p><a href=\"https:\/\/agendaurbanacastello.es\/wp-content\/uploads\/2025\/03\/Premios-Talento-Emprendedor-UJI-2.jpg\"><img loading=\"lazy\" class=\"alignnone wp-image-2662\" src=\"https:\/\/agendaurbanacastello.es\/wp-content\/uploads\/2025\/03\/Premios-Talento-Emprendedor-UJI-2-300x178.jpg\" alt=\"\" width=\"300\" height=\"178\" srcset=\"https:\/\/agendaurbanacastello.es\/wp-content\/uploads\/2025\/03\/Premios-Talento-Emprendedor-UJI-2-300x178.jpg 300w, https:\/\/agendaurbanacastello.es\/wp-content\/uploads\/2025\/03\/Premios-Talento-Emprendedor-UJI-2-18x12.jpg 18w, https:\/\/agendaurbanacastello.es\/wp-content\/uploads\/2025\/03\/Premios-Talento-Emprendedor-UJI-2.jpg 714w\" sizes=\"(max-width: 300px) 100vw, 300px\" \/><\/a> \u00a0 <a href=\"https:\/\/agendaurbanacastello.es\/wp-content\/uploads\/2025\/03\/Premios-Talento-Emprendedor-UJI-1.jpg\"><img loading=\"lazy\" class=\"alignnone wp-image-2661 size-medium\" src=\"https:\/\/agendaurbanacastello.es\/wp-content\/uploads\/2025\/03\/Premios-Talento-Emprendedor-UJI-1-300x178.jpg\" alt=\"\" width=\"300\" height=\"178\" srcset=\"https:\/\/agendaurbanacastello.es\/wp-content\/uploads\/2025\/03\/Premios-Talento-Emprendedor-UJI-1-300x178.jpg 300w, https:\/\/agendaurbanacastello.es\/wp-content\/uploads\/2025\/03\/Premios-Talento-Emprendedor-UJI-1-18x12.jpg 18w, https:\/\/agendaurbanacastello.es\/wp-content\/uploads\/2025\/03\/Premios-Talento-Emprendedor-UJI-1.jpg 714w\" sizes=\"(max-width: 300px) 100vw, 300px\" \/><\/a> \u00a0 <a href=\"https:\/\/agendaurbanacastello.es\/wp-content\/uploads\/2025\/03\/Premios-Talento-Emprendedor-UJI-6.jpg\"><img loading=\"lazy\" class=\"alignnone wp-image-2666 size-medium\" src=\"https:\/\/agendaurbanacastello.es\/wp-content\/uploads\/2025\/03\/Premios-Talento-Emprendedor-UJI-6-300x178.jpg\" alt=\"\" width=\"300\" height=\"178\" srcset=\"https:\/\/agendaurbanacastello.es\/wp-content\/uploads\/2025\/03\/Premios-Talento-Emprendedor-UJI-6-300x178.jpg 300w, https:\/\/agendaurbanacastello.es\/wp-content\/uploads\/2025\/03\/Premios-Talento-Emprendedor-UJI-6-18x12.jpg 18w, https:\/\/agendaurbanacastello.es\/wp-content\/uploads\/2025\/03\/Premios-Talento-Emprendedor-UJI-6.jpg 714w\" sizes=\"(max-width: 300px) 100vw, 300px\" \/><\/a><\/p>\n<p>&nbsp;<\/p>\n<p><a href=\"https:\/\/agendaurbanacastello.es\/wp-content\/uploads\/2025\/03\/Premios-Talento-Emprendedor-UJI-4.jpg\"><img loading=\"lazy\" class=\"alignnone wp-image-2664 size-medium\" src=\"https:\/\/agendaurbanacastello.es\/wp-content\/uploads\/2025\/03\/Premios-Talento-Emprendedor-UJI-4-300x178.jpg\" alt=\"\" width=\"300\" height=\"178\" srcset=\"https:\/\/agendaurbanacastello.es\/wp-content\/uploads\/2025\/03\/Premios-Talento-Emprendedor-UJI-4-300x178.jpg 300w, https:\/\/agendaurbanacastello.es\/wp-content\/uploads\/2025\/03\/Premios-Talento-Emprendedor-UJI-4-18x12.jpg 18w, https:\/\/agendaurbanacastello.es\/wp-content\/uploads\/2025\/03\/Premios-Talento-Emprendedor-UJI-4.jpg 714w\" sizes=\"(max-width: 300px) 100vw, 300px\" \/><\/a> \u00a0 <a href=\"https:\/\/agendaurbanacastello.es\/wp-content\/uploads\/2025\/03\/Premios-Talento-Emprendedor-UJI-5.jpg\"><img loading=\"lazy\" class=\"alignnone wp-image-2665 size-medium\" src=\"https:\/\/agendaurbanacastello.es\/wp-content\/uploads\/2025\/03\/Premios-Talento-Emprendedor-UJI-5-300x178.jpg\" alt=\"\" width=\"300\" height=\"178\" srcset=\"https:\/\/agendaurbanacastello.es\/wp-content\/uploads\/2025\/03\/Premios-Talento-Emprendedor-UJI-5-300x178.jpg 300w, https:\/\/agendaurbanacastello.es\/wp-content\/uploads\/2025\/03\/Premios-Talento-Emprendedor-UJI-5-18x12.jpg 18w, https:\/\/agendaurbanacastello.es\/wp-content\/uploads\/2025\/03\/Premios-Talento-Emprendedor-UJI-5.jpg 714w\" sizes=\"(max-width: 300px) 100vw, 300px\" \/><\/a> \u00a0 <a href=\"https:\/\/agendaurbanacastello.es\/wp-content\/uploads\/2025\/03\/Premios-Talento-Emprendedor-UJI-3.jpg\"><img loading=\"lazy\" class=\"alignnone wp-image-2663 size-medium\" src=\"https:\/\/agendaurbanacastello.es\/wp-content\/uploads\/2025\/03\/Premios-Talento-Emprendedor-UJI-3-300x178.jpg\" alt=\"\" width=\"300\" height=\"178\" srcset=\"https:\/\/agendaurbanacastello.es\/wp-content\/uploads\/2025\/03\/Premios-Talento-Emprendedor-UJI-3-300x178.jpg 300w, https:\/\/agendaurbanacastello.es\/wp-content\/uploads\/2025\/03\/Premios-Talento-Emprendedor-UJI-3-18x12.jpg 18w, https:\/\/agendaurbanacastello.es\/wp-content\/uploads\/2025\/03\/Premios-Talento-Emprendedor-UJI-3.jpg 714w\" sizes=\"(max-width: 300px) 100vw, 300px\" \/><\/a><\/p>\n\n\t\t<\/div>\n\t<\/div>\n<\/div><\/div><\/div><\/div>","protected":false},"excerpt":{"rendered":"El impulso de la participaci\u00f3n y la colaboraci\u00f3n de la ciudadan\u00eda en el dise\u00f1o y ejecuci\u00f3n de las pol\u00edticas p\u00fablicas es uno de los ejes fundamentales del modelo de gobernanza [...]","protected":false},"author":4,"featured_media":0,"parent":2403,"menu_order":0,"comment_status":"closed","ping_status":"closed","template":"","meta":{"_monsterinsights_skip_tracking":false,"_monsterinsights_sitenote_active":false,"_monsterinsights_sitenote_note":"","_monsterinsights_sitenote_category":0},"acf":[],"_links":{"self":[{"href":"https:\/\/agendaurbanacastello.es\/va\/wp-json\/wp\/v2\/pages\/2495"}],"collection":[{"href":"https:\/\/agendaurbanacastello.es\/va\/wp-json\/wp\/v2\/pages"}],"about":[{"href":"https:\/\/agendaurbanacastello.es\/va\/wp-json\/wp\/v2\/types\/page"}],"author":[{"embeddable":true,"href":"https:\/\/agendaurbanacastello.es\/va\/wp-json\/wp\/v2\/users\/4"}],"replies":[{"embeddable":true,"href":"https:\/\/agendaurbanacastello.es\/va\/wp-json\/wp\/v2\/comments?post=2495"}],"version-history":[{"count":15,"href":"https:\/\/agendaurbanacastello.es\/va\/wp-json\/wp\/v2\/pages\/2495\/revisions"}],"predecessor-version":[{"id":2669,"href":"https:\/\/agendaurbanacastello.es\/va\/wp-json\/wp\/v2\/pages\/2495\/revisions\/2669"}],"up":[{"embeddable":true,"href":"https:\/\/agendaurbanacastello.es\/va\/wp-json\/wp\/v2\/pages\/2403"}],"wp:attachment":[{"href":"https:\/\/agendaurbanacastello.es\/va\/wp-json\/wp\/v2\/media?parent=2495"}],"curies":[{"name":"wp","href":"https:\/\/api.w.org\/{rel}","templated":true}]}}